{"id":24128,"date":"2020-10-12T01:00:58","date_gmt":"2020-10-11T23:00:58","guid":{"rendered":"http:\/\/mairie-bessay-sur-allier.fr\/?page_id=24128"},"modified":"2026-04-02T14:28:12","modified_gmt":"2026-04-02T12:28:12","slug":"vie-pratique","status":"publish","type":"page","link":"https:\/\/mairie-bessay-sur-allier.fr\/index.php\/vie-pratique\/","title":{"rendered":"Vie pratique"},"content":{"rendered":"<p>[vc_row row_type=\u00a0\u00bbrow\u00a0\u00bb use_row_as_full_screen_section=\u00a0\u00bbno\u00a0\u00bb type=\u00a0\u00bbgrid\u00a0\u00bb text_align=\u00a0\u00bbleft\u00a0\u00bb background_color=\u00a0\u00bb#ffffff\u00a0\u00bb background_animation=\u00a0\u00bbnone\u00a0\u00bb css_animation=\u00a0\u00bb\u00a0\u00bb el_id=\u00a0\u00bbse_loger_batir\u00a0\u00bb][vc_column][vc_empty_space height=\u00a0\u00bb60px\u00a0\u00bb][vc_column_text]<\/p>\n<h2><span style=\"color: #666699;\">Le PLU de Bessay sur Allier<\/span><\/h2>\n<p>[\/vc_column_text][vc_row_inner row_type=\u00a0\u00bbrow\u00a0\u00bb type=\u00a0\u00bbgrid\u00a0\u00bb use_row_as_full_screen_section_slide=\u00a0\u00bbno\u00a0\u00bb text_align=\u00a0\u00bbleft\u00a0\u00bb background_color=\u00a0\u00bb#ffffff\u00a0\u00bb padding_top=\u00a0\u00bb80&Prime; padding_bottom=\u00a0\u00bb80&Prime; css_animation=\u00a0\u00bb\u00a0\u00bb][vc_column_inner width=\u00a0\u00bb2\/3&Prime;][vc_single_image image=\u00a0\u00bb25467&Prime; img_size=\u00a0\u00bbfull\u00a0\u00bb onclick=\u00a0\u00bbcustom_link\u00a0\u00bb img_link_target=\u00a0\u00bb_blank\u00a0\u00bb qode_css_animation=\u00a0\u00bb\u00a0\u00bb link=\u00a0\u00bbhttp:\/\/mairie-bessay-sur-allier.fr\/wp-content\/uploads\/2022\/05\/CARTE-PLU-full.pdf\u00a0\u00bb][\/vc_column_inner][vc_column_inner width=\u00a0\u00bb1\/3&Prime;][vc_column_text]Le PLU de la Commune de Bessay sur Allier est disponible, vous pouvez t\u00e9l\u00e9charger l&rsquo;ensemble des \u00e9l\u00e9ments sur cette page.[\/vc_column_text][\/vc_column_inner][\/vc_row_inner][vc_row_inner row_type=\u00a0\u00bbrow\u00a0\u00bb type=\u00a0\u00bbfull_width\u00a0\u00bb use_row_as_full_screen_section_slide=\u00a0\u00bbno\u00a0\u00bb text_align=\u00a0\u00bbleft\u00a0\u00bb css_animation=\u00a0\u00bb\u00a0\u00bb][vc_column_inner width=\u00a0\u00bb1\/4&Prime;][vc_single_image image=\u00a0\u00bb21867&Prime; img_size=\u00a0\u00bbfull\u00a0\u00bb onclick=\u00a0\u00bbcustom_link\u00a0\u00bb img_link_target=\u00a0\u00bb_blank\u00a0\u00bb qode_css_animation=\u00a0\u00bb\u00a0\u00bb link=\u00a0\u00bbhttp:\/\/mairie-bessay-sur-allier.fr\/wp-content\/uploads\/2022\/05\/Reglement-zone-Ua-1.pdf\u00a0\u00bb][vc_column_text]Reglement-zone-Ua[\/vc_column_text][vc_empty_space][\/vc_column_inner][vc_column_inner width=\u00a0\u00bb1\/4&Prime;][vc_single_image image=\u00a0\u00bb21867&Prime; img_size=\u00a0\u00bbfull\u00a0\u00bb onclick=\u00a0\u00bbcustom_link\u00a0\u00bb img_link_target=\u00a0\u00bb_blank\u00a0\u00bb qode_css_animation=\u00a0\u00bb\u00a0\u00bb link=\u00a0\u00bbhttp:\/\/mairie-bessay-sur-allier.fr\/wp-content\/uploads\/2022\/05\/Reglement-zone-Ub-1.pdf\u00a0\u00bb][vc_column_text]Reglement-zone-Ub[\/vc_column_text][vc_empty_space][\/vc_column_inner][vc_column_inner width=\u00a0\u00bb1\/4&Prime;][vc_single_image image=\u00a0\u00bb21867&Prime; img_size=\u00a0\u00bbfull\u00a0\u00bb onclick=\u00a0\u00bbcustom_link\u00a0\u00bb img_link_target=\u00a0\u00bb_blank\u00a0\u00bb qode_css_animation=\u00a0\u00bb\u00a0\u00bb link=\u00a0\u00bbhttp:\/\/mairie-bessay-sur-allier.fr\/wp-content\/uploads\/2022\/05\/Reglement-zone-Uc-2.pdf\u00a0\u00bb][vc_column_text]Reglement-zone-Uc[\/vc_column_text][vc_empty_space][\/vc_column_inner][vc_column_inner width=\u00a0\u00bb1\/4&Prime;][vc_single_image image=\u00a0\u00bb21867&Prime; img_size=\u00a0\u00bbfull\u00a0\u00bb onclick=\u00a0\u00bbcustom_link\u00a0\u00bb img_link_target=\u00a0\u00bb_blank\u00a0\u00bb qode_css_animation=\u00a0\u00bb\u00a0\u00bb link=\u00a0\u00bbhttp:\/\/mairie-bessay-sur-allier.fr\/wp-content\/uploads\/2022\/05\/reglement-zone-Ud-1.pdf\u00a0\u00bb][vc_column_text]reglement-zone-Ud[\/vc_column_text][vc_empty_space][\/vc_column_inner][\/vc_row_inner][vc_row_inner row_type=\u00a0\u00bbrow\u00a0\u00bb type=\u00a0\u00bbfull_width\u00a0\u00bb use_row_as_full_screen_section_slide=\u00a0\u00bbno\u00a0\u00bb text_align=\u00a0\u00bbleft\u00a0\u00bb css_animation=\u00a0\u00bb\u00a0\u00bb][vc_column_inner width=\u00a0\u00bb1\/4&Prime;][vc_single_image image=\u00a0\u00bb21867&Prime; img_size=\u00a0\u00bbfull\u00a0\u00bb onclick=\u00a0\u00bbcustom_link\u00a0\u00bb img_link_target=\u00a0\u00bb_blank\u00a0\u00bb qode_css_animation=\u00a0\u00bb\u00a0\u00bb link=\u00a0\u00bbhttp:\/\/mairie-bessay-sur-allier.fr\/wp-content\/uploads\/2022\/05\/Reglement-Zone-Ue-1.pdf\u00a0\u00bb][vc_column_text]Reglement-Zone-Ue[\/vc_column_text][\/vc_column_inner][vc_column_inner width=\u00a0\u00bb1\/4&Prime;][vc_single_image image=\u00a0\u00bb21867&Prime; img_size=\u00a0\u00bbfull\u00a0\u00bb onclick=\u00a0\u00bbcustom_link\u00a0\u00bb img_link_target=\u00a0\u00bb_blank\u00a0\u00bb qode_css_animation=\u00a0\u00bb\u00a0\u00bb link=\u00a0\u00bbhttp:\/\/mairie-bessay-sur-allier.fr\/wp-content\/uploads\/2022\/05\/Reglement-zones-a-urbaniser-1AU-2AU-AUe-1.pdf\u00a0\u00bb][vc_column_text]Reglement-zones-a-urbaniser-(1AU-2AU-AUe)[\/vc_column_text][\/vc_column_inner][vc_column_inner width=\u00a0\u00bb1\/4&Prime;][vc_single_image image=\u00a0\u00bb21867&Prime; img_size=\u00a0\u00bbfull\u00a0\u00bb onclick=\u00a0\u00bbcustom_link\u00a0\u00bb img_link_target=\u00a0\u00bb_blank\u00a0\u00bb qode_css_animation=\u00a0\u00bb\u00a0\u00bb link=\u00a0\u00bbhttp:\/\/mairie-bessay-sur-allier.fr\/wp-content\/uploads\/2022\/05\/Reglementezones-agricoles-A-1.pdf\u00a0\u00bb][vc_column_text]Reglementezones-agricoles-(A)[\/vc_column_text][\/vc_column_inner][vc_column_inner width=\u00a0\u00bb1\/4&Prime;][vc_single_image image=\u00a0\u00bb21867&Prime; img_size=\u00a0\u00bbfull\u00a0\u00bb onclick=\u00a0\u00bbcustom_link\u00a0\u00bb img_link_target=\u00a0\u00bb_blank\u00a0\u00bb qode_css_animation=\u00a0\u00bb\u00a0\u00bb link=\u00a0\u00bbhttp:\/\/mairie-bessay-sur-allier.fr\/wp-content\/uploads\/2022\/05\/Reglement-zones-naturelles-Na-NbNdNpvNe-apres-modif-N1-1.pdf\u00a0\u00bb][vc_column_text]Reglement-zones-naturelles-Na, Nb,Nd,Npv,Ne-apres-modif-N1[\/vc_column_text][\/vc_column_inner][\/vc_row_inner][vc_empty_space height=\u00a0\u00bb60px\u00a0\u00bb][vc_row_inner row_type=\u00a0\u00bbrow\u00a0\u00bb type=\u00a0\u00bbfull_width\u00a0\u00bb use_row_as_full_screen_section_slide=\u00a0\u00bbno\u00a0\u00bb text_align=\u00a0\u00bbleft\u00a0\u00bb css_animation=\u00a0\u00bb\u00a0\u00bb][vc_column_inner][vc_column_text]<\/p>\n<h2><span style=\"color: #666699;\">Urbanisme<\/span><\/h2>\n<p>[\/vc_column_text][vc_empty_space height=\u00a0\u00bb60px\u00a0\u00bb][vc_column_text]<\/p>\n<p style=\"font-weight: 400;\"><strong>Depuis le 1er janvier 2022, un usager peut d\u00e9poser ses demandes d\u2019instruction d\u2019urbanisme en ligne (d\u00e9claration pr\u00e9alable, permis de construire, certificat d\u2019urbanisme\u2026), \u00e0 tout moment et o\u00f9 qu\u2019il soit, dans une d\u00e9marche simplifi\u00e9e et sans frais. \u00c0 Bessay, vous pouvez le faire sur le lien suivant\u00a0:<\/strong><\/p>\n<p>&nbsp;<\/p>\n<p style=\"font-weight: 400;\"><strong><span style=\"color: #800000;\"><a style=\"color: #800000;\" href=\"https:\/\/ads.agglo-moulins.fr\/NetADS\/sve\/CAM03\/\" target=\"_blank\" rel=\"noopener\">https:\/\/ads.agglo-moulins.fr\/NetADS\/sve\/CAM03\/<\/a><\/span><\/strong><\/p>\n<p>&nbsp;<\/p>\n<p style=\"font-weight: 400;\"><strong>Si vous n\u2019avez pas la possibilit\u00e9 de d\u00e9poser par internet vous pouvez continuer de le faire en mairie.<\/strong><\/p>\n<p>[\/vc_column_text][vc_empty_space height=\u00a0\u00bb60px\u00a0\u00bb][\/vc_column_inner][\/vc_row_inner][\/vc_column][\/vc_row][vc_row row_type=\u00a0\u00bbrow\u00a0\u00bb use_row_as_full_screen_section=\u00a0\u00bbno\u00a0\u00bb type=\u00a0\u00bbgrid\u00a0\u00bb text_align=\u00a0\u00bbleft\u00a0\u00bb background_color=\u00a0\u00bbrgba(237,237,14,0.69)\u00a0\u00bb background_animation=\u00a0\u00bbnone\u00a0\u00bb css_animation=\u00a0\u00bb\u00a0\u00bb el_id=\u00a0\u00bbSocial\u00a0\u00bb][vc_column][vc_empty_space][vc_column_text]<\/p>\n<h2>Social et Solidarit\u00e9<\/h2>\n<p>[\/vc_column_text][vc_empty_space height=\u00a0\u00bb64px\u00a0\u00bb][vc_row_inner row_type=\u00a0\u00bbrow\u00a0\u00bb type=\u00a0\u00bbfull_width\u00a0\u00bb use_row_as_full_screen_section_slide=\u00a0\u00bbno\u00a0\u00bb text_align=\u00a0\u00bbleft\u00a0\u00bb css_animation=\u00a0\u00bb\u00a0\u00bb][vc_column_inner][vc_column_text]<\/p>\n<h3><span style=\"color: #800080;\">La Vestiboutique de la Croix rouge de Bessay est ouverte au Public<\/span><\/h3>\n<p>&nbsp;<\/p>\n<p>Cr\u00e9\u00e9e depuis 2009, l\u2019antenne croix rouge de Bessay dont la responsable est Brigitte Ressot, dix b\u00e9n\u00e9voles assurent les visites aux personnes \u00e2g\u00e9es isol\u00e9es. Ces rencontres permettent de rompre la solitude et ont lieu 1ou 2 fois par mois chaque lundi.<\/p>\n<p>&nbsp;<\/p>\n<p>La vestiboutique, situ\u00e9e rue A. Messager est ouverte a tout public le 1er et 3\u00e8me jeudi du mois. Contacter Brigitte Ressot 06 79 76 21 66<br \/>\nLa vestiboutique de la croix rouge est ouverte le 1er et 3\u00e8me jeudi du mois de 14h \u00e0 17h.[\/vc_column_text][vc_empty_space height=\u00a0\u00bb64px\u00a0\u00bb][\/vc_column_inner][\/vc_row_inner][vc_row_inner row_type=\u00a0\u00bbrow\u00a0\u00bb type=\u00a0\u00bbfull_width\u00a0\u00bb use_row_as_full_screen_section_slide=\u00a0\u00bbno\u00a0\u00bb text_align=\u00a0\u00bbleft\u00a0\u00bb css_animation=\u00a0\u00bb\u00a0\u00bb][vc_column_inner width=\u00a0\u00bb1\/4&Prime;][vc_single_image image=\u00a0\u00bb29214&Prime; img_size=\u00a0\u00bbfull\u00a0\u00bb onclick=\u00a0\u00bblink_image\u00a0\u00bb qode_css_animation=\u00a0\u00bb\u00a0\u00bb][\/vc_column_inner][vc_column_inner width=\u00a0\u00bb1\/4&Prime;][vc_single_image image=\u00a0\u00bb29213&Prime; img_size=\u00a0\u00bbfull\u00a0\u00bb onclick=\u00a0\u00bblink_image\u00a0\u00bb qode_css_animation=\u00a0\u00bb\u00a0\u00bb][\/vc_column_inner][vc_column_inner width=\u00a0\u00bb1\/4&Prime;][vc_single_image image=\u00a0\u00bb29212&Prime; img_size=\u00a0\u00bbfull\u00a0\u00bb onclick=\u00a0\u00bblink_image\u00a0\u00bb qode_css_animation=\u00a0\u00bb\u00a0\u00bb][\/vc_column_inner][vc_column_inner width=\u00a0\u00bb1\/4&Prime;][vc_single_image image=\u00a0\u00bb29211&Prime; img_size=\u00a0\u00bbfull\u00a0\u00bb onclick=\u00a0\u00bblink_image\u00a0\u00bb qode_css_animation=\u00a0\u00bb\u00a0\u00bb][\/vc_column_inner][\/vc_row_inner][vc_row_inner row_type=\u00a0\u00bbrow\u00a0\u00bb type=\u00a0\u00bbfull_width\u00a0\u00bb use_row_as_full_screen_section_slide=\u00a0\u00bbno\u00a0\u00bb text_align=\u00a0\u00bbleft\u00a0\u00bb css_animation=\u00a0\u00bb\u00a0\u00bb][vc_column_inner][vc_empty_space][vc_separator type=\u00a0\u00bbnormal\u00a0\u00bb color=\u00a0\u00bb#3f3f3f\u00a0\u00bb border_style=\u00a0\u00bbsolid\u00a0\u00bb thickness=\u00a0\u00bb5px\u00a0\u00bb][\/vc_column_inner][\/vc_row_inner][\/vc_column][\/vc_row][vc_row row_type=\u00a0\u00bbrow\u00a0\u00bb use_row_as_full_screen_section=\u00a0\u00bbno\u00a0\u00bb type=\u00a0\u00bbfull_width\u00a0\u00bb text_align=\u00a0\u00bbleft\u00a0\u00bb background_color=\u00a0\u00bb#f5f5f5&Prime; background_animation=\u00a0\u00bbnone\u00a0\u00bb padding_top=\u00a0\u00bb75&Prime; css_animation=\u00a0\u00bb\u00a0\u00bb el_id=\u00a0\u00bbsalle_location\u00a0\u00bb][vc_column][vc_row_inner row_type=\u00a0\u00bbrow\u00a0\u00bb type=\u00a0\u00bbgrid\u00a0\u00bb use_row_as_full_screen_section_slide=\u00a0\u00bbno\u00a0\u00bb text_align=\u00a0\u00bbleft\u00a0\u00bb padding_bottom=\u00a0\u00bb20&Prime; css_animation=\u00a0\u00bb\u00a0\u00bb][vc_column_inner][vc_column_text]<\/p>\n<h2>Location de salles<\/h2>\n<p>[\/vc_column_text][\/vc_column_inner][\/vc_row_inner][vc_row_inner row_type=\u00a0\u00bbrow\u00a0\u00bb type=\u00a0\u00bbgrid\u00a0\u00bb use_row_as_full_screen_section_slide=\u00a0\u00bbno\u00a0\u00bb text_align=\u00a0\u00bbleft\u00a0\u00bb css_animation=\u00a0\u00bb\u00a0\u00bb][vc_column_inner width=\u00a0\u00bb1\/3&Prime;][vc_column_text]<\/p>\n<h5>Salle polyvalente<\/h5>\n<p>[\/vc_column_text][vc_separator type=\u00a0\u00bbtransparent\u00a0\u00bb border_style=\u00a0\u00bb\u00a0\u00bb up=\u00a0\u00bb20&Prime; down=\u00a0\u00bb0&Prime;][vc_column_text]La salle polyvalente d\u2019une capacit\u00e9 de 220 places, \u00e9quip\u00e9e d\u2019une cuisine am\u00e9nag\u00e9e avec vaisselle permet<span class=\"Apple-converted-space\">\u00a0 <\/span>l\u2019organisation d\u2019assembl\u00e9es g\u00e9n\u00e9rales, manifestations diverses de nos associations et \u00e9galement une location pour des c\u00e9r\u00e9monies priv\u00e9es comme mariages, r\u00e9union de famille, etc. pour connaitre les disponibilit\u00e9s et les conditions de location, contacter le secr\u00e9tariat de la mairie aux heures d\u2019ouverture au 0470430049[\/vc_column_text][vc_separator type=\u00a0\u00bbtransparent\u00a0\u00bb border_style=\u00a0\u00bb\u00a0\u00bb up=\u00a0\u00bb40&Prime; down=\u00a0\u00bb0&Prime;][vc_single_image image=\u00a0\u00bb22309&Prime; img_size=\u00a0\u00bbfull\u00a0\u00bb qode_css_animation=\u00a0\u00bb\u00a0\u00bb][\/vc_column_inner][vc_column_inner width=\u00a0\u00bb1\/3&Prime;][vc_column_text]<\/p>\n<h5>Maison des Associations<\/h5>\n<p>[\/vc_column_text][vc_separator type=\u00a0\u00bbtransparent\u00a0\u00bb border_style=\u00a0\u00bb\u00a0\u00bb up=\u00a0\u00bb20&Prime; down=\u00a0\u00bb0&Prime;][vc_column_text]Un nouvel espace constitu\u00e9 d\u2019une salle de r\u00e9union et\/ou de r\u00e9ception (\u00e0 l\u2019exclusion de toute manifestation festive : bal, loto&#8230;..) est mis \u00e0 la disposition des associations et des particuliers. Capacit\u00e9 70 personnes maximum.<br \/>\nLes demandes de r\u00e9servation s\u2019effectuent aupr\u00e8s du secr\u00e9tariat de la mairie de Bessay sur Allier aux heures d\u2019ouverture : 04 70 43 00 49.[\/vc_column_text][vc_separator type=\u00a0\u00bbtransparent\u00a0\u00bb border_style=\u00a0\u00bb\u00a0\u00bb up=\u00a0\u00bb40&Prime; down=\u00a0\u00bb0&Prime;][vc_single_image image=\u00a0\u00bb21636&Prime; img_size=\u00a0\u00bbfull\u00a0\u00bb qode_css_animation=\u00a0\u00bb\u00a0\u00bb][\/vc_column_inner][vc_column_inner width=\u00a0\u00bb1\/3&Prime;][vc_column_text]<\/p>\n<h5>Salle SocioCulturelle<\/h5>\n<p>[\/vc_column_text][vc_separator type=\u00a0\u00bbtransparent\u00a0\u00bb border_style=\u00a0\u00bb\u00a0\u00bb up=\u00a0\u00bb20&Prime; down=\u00a0\u00bb0&Prime;][vc_column_text]La Mairie de Bessay propose \u00e0 la location pour vos r\u00e9unions ou s\u00e9minaires une salle de projection de 80 places avec un mat\u00e9riel audiovisuel performant.<br \/>\nTarif \u00e0 la journ\u00e9e qui inclut le mat\u00e9riel de projection , le technicien pour le g\u00e9rer, le chauffage ou la climatisation, le m\u00e9nage etc&#8230; Renseignements au 04 70 43 00 49[\/vc_column_text][vc_separator type=\u00a0\u00bbtransparent\u00a0\u00bb border_style=\u00a0\u00bb\u00a0\u00bb up=\u00a0\u00bb40&Prime; down=\u00a0\u00bb0&Prime;][vc_single_image image=\u00a0\u00bb21637&Prime; img_size=\u00a0\u00bbfull\u00a0\u00bb qode_css_animation=\u00a0\u00bb\u00a0\u00bb][\/vc_column_inner][\/vc_row_inner][vc_empty_space height=\u00a0\u00bb50px\u00a0\u00bb][vc_row_inner row_type=\u00a0\u00bbrow\u00a0\u00bb type=\u00a0\u00bbgrid\u00a0\u00bb use_row_as_full_screen_section_slide=\u00a0\u00bbno\u00a0\u00bb text_align=\u00a0\u00bbleft\u00a0\u00bb padding_bottom=\u00a0\u00bb20&Prime; css_animation=\u00a0\u00bb\u00a0\u00bb][vc_column_inner width=\u00a0\u00bb1\/2&Prime;][vc_column_text]Les tarifs de location sont disponibles en t\u00e9l\u00e9chargement, cliquez sur le document souhait\u00e9.[\/vc_column_text][\/vc_column_inner][vc_column_inner width=\u00a0\u00bb1\/4&Prime;][vc_single_image image=\u00a0\u00bb21867&Prime; alignment=\u00a0\u00bbcenter\u00a0\u00bb onclick=\u00a0\u00bbcustom_link\u00a0\u00bb img_link_target=\u00a0\u00bb_blank\u00a0\u00bb qode_css_animation=\u00a0\u00bb\u00a0\u00bb link=\u00a0\u00bbhttp:\/\/mairie-bessay-sur-allier.fr\/wp-content\/uploads\/2023\/01\/Tarifs-salle-polyvalente-2023.pdf\u00a0\u00bb][vc_column_text]<\/p>\n<p style=\"text-align: center;\">tarifs location salle polyvalente<\/p>\n<p>[\/vc_column_text][\/vc_column_inner][vc_column_inner width=\u00a0\u00bb1\/4&Prime;][vc_single_image image=\u00a0\u00bb21867&Prime; img_size=\u00a0\u00bbfull\u00a0\u00bb alignment=\u00a0\u00bbcenter\u00a0\u00bb onclick=\u00a0\u00bbcustom_link\u00a0\u00bb img_link_target=\u00a0\u00bb_blank\u00a0\u00bb qode_css_animation=\u00a0\u00bb\u00a0\u00bb link=\u00a0\u00bbhttp:\/\/mairie-bessay-sur-allier.fr\/wp-content\/uploads\/2023\/01\/Tarifs-MDA-2023.pdf\u00a0\u00bb][vc_column_text]<\/p>\n<p style=\"text-align: center;\">tarifs location maison des associations<\/p>\n<p>[\/vc_column_text][\/vc_column_inner][\/vc_row_inner][vc_separator type=\u00a0\u00bbfull_width\u00a0\u00bb color=\u00a0\u00bb#eaeaea\u00a0\u00bb border_style=\u00a0\u00bb\u00a0\u00bb thickness=\u00a0\u00bb10&Prime; up=\u00a0\u00bb40&Prime; down=\u00a0\u00bb40&Prime;][vc_row_inner row_type=\u00a0\u00bbrow\u00a0\u00bb type=\u00a0\u00bbgrid\u00a0\u00bb use_row_as_full_screen_section_slide=\u00a0\u00bbno\u00a0\u00bb text_align=\u00a0\u00bbleft\u00a0\u00bb padding_bottom=\u00a0\u00bb20&Prime; css_animation=\u00a0\u00bb\u00a0\u00bb][vc_column_inner width=\u00a0\u00bb1\/4&Prime;][vc_column_text]<\/p>\n<h3>Salles de r\u00e9union<\/h3>\n<p>[\/vc_column_text][\/vc_column_inner][vc_column_inner width=\u00a0\u00bb1\/2&Prime;][vc_column_text]La commune dispose de plusieurs salles de r\u00e9union de capacit\u00e9s vari\u00e9s qui sont mises \u00e0 disposition des associations locales ou selon condition pour les demandes ext\u00e9rieures.[\/vc_column_text][\/vc_column_inner][vc_column_inner width=\u00a0\u00bb1\/4&Prime;][vc_single_image image=\u00a0\u00bb22409&Prime; img_size=\u00a0\u00bbfull\u00a0\u00bb qode_css_animation=\u00a0\u00bb\u00a0\u00bb][\/vc_column_inner][\/vc_row_inner][vc_separator type=\u00a0\u00bbfull_width\u00a0\u00bb color=\u00a0\u00bb#eaeaea\u00a0\u00bb border_style=\u00a0\u00bb\u00a0\u00bb thickness=\u00a0\u00bb10&Prime; up=\u00a0\u00bb40&Prime; down=\u00a0\u00bb40&Prime;][\/vc_column][\/vc_row][vc_row row_type=\u00a0\u00bbrow\u00a0\u00bb use_row_as_full_screen_section=\u00a0\u00bbno\u00a0\u00bb type=\u00a0\u00bbfull_width\u00a0\u00bb text_align=\u00a0\u00bbleft\u00a0\u00bb background_color=\u00a0\u00bb#ffffff\u00a0\u00bb background_animation=\u00a0\u00bbnone\u00a0\u00bb css_animation=\u00a0\u00bb\u00a0\u00bb el_id=\u00a0\u00bbespaces_verts\u00a0\u00bb][vc_column][vc_row_inner row_type=\u00a0\u00bbrow\u00a0\u00bb type=\u00a0\u00bbgrid\u00a0\u00bb use_row_as_full_screen_section_slide=\u00a0\u00bbno\u00a0\u00bb text_align=\u00a0\u00bbleft\u00a0\u00bb padding_bottom=\u00a0\u00bb20&Prime; css_animation=\u00a0\u00bb\u00a0\u00bb][vc_column_inner][vc_empty_space height=\u00a0\u00bb50px\u00a0\u00bb][vc_column_text]<\/p>\n<h2>Environnement Fleurissement<\/h2>\n<p>[\/vc_column_text][\/vc_column_inner][\/vc_row_inner][vc_row_inner row_type=\u00a0\u00bbrow\u00a0\u00bb type=\u00a0\u00bbgrid\u00a0\u00bb use_row_as_full_screen_section_slide=\u00a0\u00bbno\u00a0\u00bb text_align=\u00a0\u00bbleft\u00a0\u00bb padding_top=\u00a0\u00bb20&Prime; padding_bottom=\u00a0\u00bb20&Prime; css_animation=\u00a0\u00bb\u00a0\u00bb][vc_column_inner width=\u00a0\u00bb2\/3&Prime;][vc_separator type=\u00a0\u00bbtransparent\u00a0\u00bb border_style=\u00a0\u00bb\u00a0\u00bb up=\u00a0\u00bb5&Prime; down=\u00a0\u00bb0&Prime;]<div class='q_icon_with_title  circle'><div class=\"icon_holder \" style=\" \"><div class=\"icon_holder_inner\"><span class=\"q_font_elegant_holder circle  custom-font\" style=\"font-size: 28px;\"><span class=\"icon_text_icon q_font_elegant_icon icon_comment_alt\" aria-hidden=\"true\" style=\"font-size: 28px;\"><\/span><\/span><\/div><\/div><div class=\"icon_text_holder\" style=\"padding-left: 110px\"><div class=\"icon_text_inner\" style=\"\"><h4 class=\"icon_title\" style=\"\">Bessay Couleurs<\/h4><p style=''>Comit\u00e9 compos\u00e9 d\u2019\u00e9lus et du responsable des espaces verts qui se r\u00e9unit r\u00e9guli\u00e8rement pour contribuer \u00e0 l\u2019embellissement de la commune en d\u00e9veloppant une gestion \u00e9cologique des espaces verts et des espaces fleuris sans oublier les illuminations de no\u00ebl.<\/p><\/div><\/div><\/div>[vc_separator type=\u00a0\u00bbtransparent\u00a0\u00bb border_style=\u00a0\u00bb\u00a0\u00bb up=\u00a0\u00bb5&Prime; down=\u00a0\u00bb0&Prime;]<div class='q_icon_with_title  circle'><div class=\"icon_holder \" style=\" \"><div class=\"icon_holder_inner\"><span class=\"q_font_elegant_holder circle  custom-font\" style=\"font-size: 28px;\"><span class=\"icon_text_icon q_font_elegant_icon icon_comment_alt\" aria-hidden=\"true\" style=\"font-size: 28px;\"><\/span><\/span><\/div><\/div><div class=\"icon_text_holder\" style=\"padding-left: 110px\"><div class=\"icon_text_inner\" style=\"\"><h4 class=\"icon_title\" style=\"\">Charte d\u2019entretien des espaces publics<\/h4><p style=''>Depuis la signature de la chartre, le service technique continue \u00e0 faire \u00e9voluer les techniques d\u2019entretien des diff\u00e9rents espaces sur la commune<\/p><\/div><\/div><\/div>[vc_separator type=\u00a0\u00bbtransparent\u00a0\u00bb border_style=\u00a0\u00bb\u00a0\u00bb up=\u00a0\u00bb25&Prime; down=\u00a0\u00bb0&Prime;]<div class='q_icon_with_title  circle'><div class=\"icon_holder \" style=\" \"><div class=\"icon_holder_inner\"><span class=\"q_font_elegant_holder circle  custom-font\" style=\"font-size: 28px;\"><span class=\"icon_text_icon q_font_elegant_icon icon_comment_alt\" aria-hidden=\"true\" style=\"font-size: 28px;\"><\/span><\/span><\/div><\/div><div class=\"icon_text_holder\" style=\"padding-left: 110px\"><div class=\"icon_text_inner\" style=\"\"><h4 class=\"icon_title\" style=\"\">Les compositions florales<\/h4><p style=''>Le conseil d\u00e9partemental a d\u00e9cern\u00e9 le 2\u00e8me prix en 2017 et le 1er prix en 2018 pour la pr\u00e9sentation de son environnement\u2026<\/p><\/div><\/div><\/div>[vc_separator type=\u00a0\u00bbtransparent\u00a0\u00bb border_style=\u00a0\u00bb\u00a0\u00bb up=\u00a0\u00bb25&Prime; down=\u00a0\u00bb0&Prime;]<div class='q_icon_with_title  circle'><div class=\"icon_holder \" style=\" \"><div class=\"icon_holder_inner\"><span class=\"q_font_elegant_holder circle  custom-font\" style=\"font-size: 28px;\"><span class=\"icon_text_icon q_font_elegant_icon icon_comment_alt\" aria-hidden=\"true\" style=\"font-size: 28px;\"><\/span><\/span><\/div><\/div><div class=\"icon_text_holder\" style=\"padding-left: 110px\"><div class=\"icon_text_inner\" style=\"\"><h4 class=\"icon_title\" style=\"\">Villes et Villages fleuris, Le Label National de la Qualit\u00e9 de Vie.<\/h4><p style=''>Afin de permettre d\u2019\u00e9tablir le Palmar\u00e8s 2019 des Villes et Villages Fleuris pour la r\u00e9gion Auvergne-Rh\u00f4ne-Alpes, le Jury r\u00e9gional s\u2019est r\u00e9uni le 6 novembre dernier pour proc\u00e9der aux d\u00e9lib\u00e9rations : LAUR\u00c9ATS DU PALMAR\u00c8S 2019 en Auvergne-Rh\u00f4ne-Alpes Label 1 Fleur - Bessay-sur-Allier (03)<\/p><\/div><\/div><\/div>[vc_separator type=\u00a0\u00bbtransparent\u00a0\u00bb border_style=\u00a0\u00bb\u00a0\u00bb up=\u00a0\u00bb25&Prime; down=\u00a0\u00bb0&Prime;]<div class='q_icon_with_title  circle'><div class=\"icon_holder \" style=\" \"><div class=\"icon_holder_inner\"><span class=\"q_font_elegant_holder circle  custom-font\" style=\"font-size: 28px;\"><span class=\"icon_text_icon q_font_elegant_icon icon_comment_alt\" aria-hidden=\"true\" style=\"font-size: 28px;\"><\/span><\/span><\/div><\/div><div class=\"icon_text_holder\" style=\"padding-left: 110px\"><div class=\"icon_text_inner\" style=\"\"><h4 class=\"icon_title\" style=\"color: #dd3333\">Prix R\u00e9gional de pr\u00e9servation de la Biodiversit\u00e9 2025 \u2013 AURA<\/h4><p style=''><\/p><\/div><\/div><\/div>[vc_column_text css=\u00a0\u00bb.vc_custom_1775132754096{padding-left: 110px !important;}\u00a0\u00bb]En 2025, la commune a re\u00e7u \u00e0 Lyon le prix r\u00e9gional de pr\u00e9servation de la biodiversit\u00e9 d\u00e9cern\u00e9 uniquement \u00e0 2 communes de la r\u00e9gion AURA<\/p>\n<p><img loading=\"lazy\" decoding=\"async\" class=\"wp-image-23269 alignleft\" src=\"http:\/\/mairie-bessay-sur-allier.fr\/wp-content\/uploads\/2020\/02\/12_fevrier_villages_fleuris-e1775129003518.jpg\" sizes=\"(max-width: 490px) 100vw, 490px\" srcset=\"https:\/\/mairie-bessay-sur-allier.fr\/wp-content\/uploads\/2020\/02\/12_fevrier_villages_fleuris-e1775129003518.jpg 1250w, https:\/\/mairie-bessay-sur-allier.fr\/wp-content\/uploads\/2020\/02\/12_fevrier_villages_fleuris-e1775129003518-300x160.jpg 300w, https:\/\/mairie-bessay-sur-allier.fr\/wp-content\/uploads\/2020\/02\/12_fevrier_villages_fleuris-e1775129003518-768x409.jpg 768w, https:\/\/mairie-bessay-sur-allier.fr\/wp-content\/uploads\/2020\/02\/12_fevrier_villages_fleuris-e1775129003518-1024x546.jpg 1024w, https:\/\/mairie-bessay-sur-allier.fr\/wp-content\/uploads\/2020\/02\/12_fevrier_villages_fleuris-e1775129003518-700x373.jpg 700w, https:\/\/mairie-bessay-sur-allier.fr\/wp-content\/uploads\/2020\/02\/12_fevrier_villages_fleuris-e1775129003518-1100x586.jpg 1100w, https:\/\/mairie-bessay-sur-allier.fr\/wp-content\/uploads\/2020\/02\/12_fevrier_villages_fleuris-e1775129003518-350x186.jpg 350w\" alt=\"\" width=\"490\" height=\"261\" \/>[\/vc_column_text][vc_separator type=\u00a0\u00bbtransparent\u00a0\u00bb border_style=\u00a0\u00bb\u00a0\u00bb up=\u00a0\u00bb25&Prime; down=\u00a0\u00bb0&Prime;][vc_separator type=\u00a0\u00bbtransparent\u00a0\u00bb border_style=\u00a0\u00bb\u00a0\u00bb up=\u00a0\u00bb25&Prime; down=\u00a0\u00bb0&Prime;][vc_separator type=\u00a0\u00bbtransparent\u00a0\u00bb border_style=\u00a0\u00bb\u00a0\u00bb up=\u00a0\u00bb40&Prime; down=\u00a0\u00bb0&Prime;][\/vc_column_inner][vc_column_inner width=\u00a0\u00bb1\/3&Prime;][vc_single_image image=\u00a0\u00bb22439&Prime; img_size=\u00a0\u00bbfull\u00a0\u00bb alignment=\u00a0\u00bbright\u00a0\u00bb qode_css_animation=\u00a0\u00bb\u00a0\u00bb][\/vc_column_inner][\/vc_row_inner][\/vc_column][\/vc_row][vc_row row_type=\u00a0\u00bbrow\u00a0\u00bb use_row_as_full_screen_section=\u00a0\u00bbno\u00a0\u00bb type=\u00a0\u00bbfull_width\u00a0\u00bb text_align=\u00a0\u00bbleft\u00a0\u00bb background_color=\u00a0\u00bb#f5f5f5&Prime; background_animation=\u00a0\u00bbnone\u00a0\u00bb padding_top=\u00a0\u00bb40&Prime; css_animation=\u00a0\u00bb\u00a0\u00bb el_id=\u00a0\u00bbcampingcar\u00a0\u00bb][vc_column][vc_row_inner row_type=\u00a0\u00bbrow\u00a0\u00bb type=\u00a0\u00bbgrid\u00a0\u00bb use_row_as_full_screen_section_slide=\u00a0\u00bbno\u00a0\u00bb text_align=\u00a0\u00bbleft\u00a0\u00bb padding_top=\u00a0\u00bb60&Prime; css_animation=\u00a0\u00bb\u00a0\u00bb][vc_column_inner width=\u00a0\u00bb1\/2&Prime;][vc_column_text]<\/p>\n<h3>Aire de CampingCar de Bessay sur Allier<\/h3>\n<p>[\/vc_column_text][vc_separator type=\u00a0\u00bbtransparent\u00a0\u00bb border_style=\u00a0\u00bb\u00a0\u00bb up=\u00a0\u00bb25&Prime; down=\u00a0\u00bb0&Prime;][vc_column_text]Bessay sur Allier, plac\u00e9 sur le trajet Mythique de la Nationale 7 dispose d&rsquo;une aire de CampingCar agr\u00e9able, ombrag\u00e9e pour les amoureux du loisirs de plein air.<\/p>\n<p>Situ\u00e9e \u00e0 la sortie sud de la commune latitude, longitude : 46.4411,3.3675<\/p>\n<p>Voir le positionnement sur GoogleMap\u00a0<a href=\"https:\/\/www.google.fr\/maps\/place\/46%C2%B026'28.0%22N+3%C2%B022'03.0%22E\/@46.4408856,3.3628651,709m\/data=!3m1!1e3!4m5!3m4!1s0x0:0x0!8m2!3d46.4411!4d3.3675\" target=\"_blank\" rel=\"noopener noreferrer\">cliquez ici pour visualiser<\/a>[\/vc_column_text][\/vc_column_inner][vc_column_inner width=\u00a0\u00bb1\/2&Prime;][vc_separator type=\u00a0\u00bbtransparent\u00a0\u00bb border_style=\u00a0\u00bb\u00a0\u00bb up=\u00a0\u00bb25&Prime; down=\u00a0\u00bb0&Prime;][vc_single_image image=\u00a0\u00bb22064&Prime; img_size=\u00a0\u00bbfull\u00a0\u00bb alignment=\u00a0\u00bbright\u00a0\u00bb qode_css_animation=\u00a0\u00bb\u00a0\u00bb][\/vc_column_inner][\/vc_row_inner][\/vc_column][\/vc_row][vc_row row_type=\u00a0\u00bbrow\u00a0\u00bb use_row_as_full_screen_section=\u00a0\u00bbno\u00a0\u00bb type=\u00a0\u00bbfull_width\u00a0\u00bb text_align=\u00a0\u00bbleft\u00a0\u00bb background_color=\u00a0\u00bb#f5f5f5&Prime; background_animation=\u00a0\u00bbnone\u00a0\u00bb css_animation=\u00a0\u00bb\u00a0\u00bb el_id=\u00a0\u00bbborne_electrique\u00a0\u00bb][vc_column][vc_row_inner row_type=\u00a0\u00bbrow\u00a0\u00bb type=\u00a0\u00bbgrid\u00a0\u00bb use_row_as_full_screen_section_slide=\u00a0\u00bbno\u00a0\u00bb text_align=\u00a0\u00bbleft\u00a0\u00bb padding_top=\u00a0\u00bb60&Prime; css_animation=\u00a0\u00bb\u00a0\u00bb][vc_column_inner width=\u00a0\u00bb1\/4&Prime;][vc_column_text]<\/p>\n<h3>Borne \u00e9lectrique<\/h3>\n<p>[\/vc_column_text][vc_separator type=\u00a0\u00bbtransparent\u00a0\u00bb border_style=\u00a0\u00bb\u00a0\u00bb up=\u00a0\u00bb25&Prime; down=\u00a0\u00bb0&Prime;][vc_single_image image=\u00a0\u00bb22432&Prime; img_size=\u00a0\u00bbfull\u00a0\u00bb alignment=\u00a0\u00bbright\u00a0\u00bb qode_css_animation=\u00a0\u00bb\u00a0\u00bb][vc_empty_space height=\u00a0\u00bb50px\u00a0\u00bb][\/vc_column_inner][vc_column_inner width=\u00a0\u00bb3\/4&Prime;][vc_separator type=\u00a0\u00bbtransparent\u00a0\u00bb border_style=\u00a0\u00bb\u00a0\u00bb up=\u00a0\u00bb25&Prime; down=\u00a0\u00bb0&Prime;][vc_column_text]Le Syndicat D\u00e9partemental de l\u2019\u00c9nergie de l\u2019Allier Sde 03 a install\u00e9 une borne de recharge rue Ren\u00e9 Fallet,<br \/>\n<span style=\"color: #800000;\"><em><strong><span style=\"font-size: 0.9rem;\">Rechargeable en 6 heures<\/span><\/strong><\/em><\/span><\/p>\n<p><b>Comment b\u00e9n\u00e9ficier des recharges gratuites ?<\/b><\/p>\n<p>Il est imp\u00e9ratif d\u2019obtenir un badge d\u2019acc\u00e8s aux recharges.<br \/>\n&#8211; Pour cela, les utilisateurs de v\u00e9hicules \u00e9lectriques doivent aller sur le site internet du\u00a0<span style=\"color: #993300;\">Syndicat d\u00e9partemental d\u2019\u00e9nergie de l\u2019Allier\u00a0<\/span><span style=\"color: #800000;\"><strong><a style=\"color: #800000;\" href=\"http:\/\/www.sde03.fr\/\" target=\"_blank\" rel=\"noopener noreferrer\">(lien SDE03) <\/a><\/strong><a style=\"color: #800000;\" href=\"http:\/\/www.sde03.fr\/\" target=\"_blank\" rel=\"noopener noreferrer\">pour remplir un formulaire en ligne<\/a><\/span>.<br \/>\n&#8211; Il est \u00e9galement possible de le t\u00e9l\u00e9charger et de renvoyer sa version papier au SDE03, 11, Les Sapins, 03400 Yzeure.<br \/>\n&#8211; Le badge est ensuite retourn\u00e9 par voie postale.<\/p>\n<p>Il existe plusieurs types de puissance de recharge pour les v\u00e9hicules \u00e9lectriques et hybrides. A Bessay, c\u2019est une borne \u00ab acc\u00e9l\u00e9r\u00e9e \u00bb. Les utilisateurs branchent leur propre c\u00e2ble sur du courant alternatif (prise de type 2 ou 3). La recharge s\u2019effectue en 2 heures (batterie totalement d\u00e9charg\u00e9e).<\/p>\n<p><b>Comment \u00e7a marche ?<\/b><\/p>\n<ul>\n<li>Un code couleur permet de conna\u00eetre la disponibilit\u00e9 des bornes (vert : disponible ; bleu : en charge, rouge : en d\u00e9faut).<\/li>\n<li>Quelle que soit la borne, il est demand\u00e9 une identification via le badge obtenu aupr\u00e8s du SDE03.<\/li>\n<li>Et apr\u00e8s chaque charge, il est indispensable de d\u00e9badger et de ne pas oublier de r\u00e9cup\u00e9rer son c\u00e2ble.<\/li>\n<\/ul>\n<p>Assistance ouverte 7 j\/7 et accessible 24 h\/24 au 09 70 65 01 09.<\/p>\n<p>L&rsquo;acc\u00e8s aux bornes est gratuit jusqu&rsquo;au 31 d\u00e9cembre 2018.[\/vc_column_text][\/vc_column_inner][\/vc_row_inner][vc_empty_space height=\u00a0\u00bb50px\u00a0\u00bb][\/vc_column][\/vc_row][vc_row row_type=\u00a0\u00bbrow\u00a0\u00bb use_row_as_full_screen_section=\u00a0\u00bbno\u00a0\u00bb type=\u00a0\u00bbgrid\u00a0\u00bb text_align=\u00a0\u00bbleft\u00a0\u00bb background_color=\u00a0\u00bb#ffffff\u00a0\u00bb background_animation=\u00a0\u00bbnone\u00a0\u00bb padding_top=\u00a0\u00bb45&Prime; css_animation=\u00a0\u00bb\u00a0\u00bb el_id=\u00a0\u00bbtransports\u00a0\u00bb][vc_column][vc_row_inner row_type=\u00a0\u00bbrow\u00a0\u00bb type=\u00a0\u00bbfull_width\u00a0\u00bb use_row_as_full_screen_section_slide=\u00a0\u00bbno\u00a0\u00bb text_align=\u00a0\u00bbleft\u00a0\u00bb css_animation=\u00a0\u00bb\u00a0\u00bb][vc_column_inner][vc_column_text]<\/p>\n<h3>Transports, se d\u00e9placer<\/h3>\n<p>[\/vc_column_text][\/vc_column_inner][\/vc_row_inner][vc_row_inner row_type=\u00a0\u00bbrow\u00a0\u00bb type=\u00a0\u00bbfull_width\u00a0\u00bb use_row_as_full_screen_section_slide=\u00a0\u00bbno\u00a0\u00bb text_align=\u00a0\u00bbleft\u00a0\u00bb css_animation=\u00a0\u00bb\u00a0\u00bb][vc_column_inner width=\u00a0\u00bb1\/3&Prime;][vc_empty_space][vc_column_text]<strong>SNCF<\/strong><br \/>\n19 arr\u00eats \/ jour via Clermont-Ferrand ou Moulins[\/vc_column_text][\/vc_column_inner][vc_column_inner width=\u00a0\u00bb1\/3&Prime;][vc_empty_space][vc_column_text]<strong>V\u00e9los \u00e9lectriques<\/strong><br \/>\nLa Com d&rsquo;Agglo a mis 144 v\u00e9los \u00e0 disposition des habitants.<br \/>\n2 Bessaytois(es) sont utilisateurs[\/vc_column_text][\/vc_column_inner][vc_column_inner width=\u00a0\u00bb1\/3&Prime;][vc_empty_space][vc_column_text]<strong>Transport \u00e0 la demande (TAD)<\/strong><br \/>\nDu lundi au samedi, 12 points de d\u00e9pose \u00e0 Moulins[\/vc_column_text][\/vc_column_inner][\/vc_row_inner][vc_empty_space height=\u00a0\u00bb50px\u00a0\u00bb][vc_row_inner row_type=\u00a0\u00bbrow\u00a0\u00bb type=\u00a0\u00bbfull_width\u00a0\u00bb use_row_as_full_screen_section_slide=\u00a0\u00bbno\u00a0\u00bb text_align=\u00a0\u00bbleft\u00a0\u00bb css_animation=\u00a0\u00bb\u00a0\u00bb][vc_column_inner width=\u00a0\u00bb1\/2&Prime;][vc_single_image image=\u00a0\u00bb22550&Prime; img_size=\u00a0\u00bbfull\u00a0\u00bb alignment=\u00a0\u00bbright\u00a0\u00bb qode_css_animation=\u00a0\u00bb\u00a0\u00bb][\/vc_column_inner][vc_column_inner width=\u00a0\u00bb1\/2&Prime;][vc_single_image image=\u00a0\u00bb22551&Prime; img_size=\u00a0\u00bbfull\u00a0\u00bb qode_css_animation=\u00a0\u00bb\u00a0\u00bb][\/vc_column_inner][\/vc_row_inner][vc_empty_space height=\u00a0\u00bb50px\u00a0\u00bb][\/vc_column][\/vc_row][vc_row row_type=\u00a0\u00bbrow\u00a0\u00bb use_row_as_full_screen_section=\u00a0\u00bbno\u00a0\u00bb type=\u00a0\u00bbgrid\u00a0\u00bb text_align=\u00a0\u00bbleft\u00a0\u00bb background_animation=\u00a0\u00bbnone\u00a0\u00bb css_animation=\u00a0\u00bb\u00a0\u00bb el_id=\u00a0\u00bben ligne\u00a0\u00bb][vc_column][vc_row_inner row_type=\u00a0\u00bbrow\u00a0\u00bb type=\u00a0\u00bbgrid\u00a0\u00bb use_row_as_full_screen_section_slide=\u00a0\u00bbno\u00a0\u00bb text_align=\u00a0\u00bbleft\u00a0\u00bb css_animation=\u00a0\u00bb\u00a0\u00bb css=\u00a0\u00bb.vc_custom_1654635442057{padding-top: 80px !important;padding-bottom: 100px !important;}\u00a0\u00bb][vc_column_inner][vc_column_text]<\/p>\n<h2>Votre Carte grise en ligne<\/h2>\n<p>[\/vc_column_text][\/vc_column_inner][\/vc_row_inner][vc_row_inner row_type=\u00a0\u00bbrow\u00a0\u00bb type=\u00a0\u00bbfull_width\u00a0\u00bb use_row_as_full_screen_section_slide=\u00a0\u00bbno\u00a0\u00bb text_align=\u00a0\u00bbleft\u00a0\u00bb css_animation=\u00a0\u00bb\u00a0\u00bb][vc_column_inner width=\u00a0\u00bb1\/3&Prime;][vc_single_image image=\u00a0\u00bb25990&Prime; img_size=\u00a0\u00bbfull\u00a0\u00bb qode_css_animation=\u00a0\u00bb\u00a0\u00bb][\/vc_column_inner][vc_column_inner width=\u00a0\u00bb2\/3&Prime;][vc_column_text]Depuis 2017, les d\u00e9marches pour les cartes grises s\u2019effectuent seulement sur le site officiel du gouvernement :\u00a0<a href=\"https:\/\/immatriculation.ants.gouv.fr\/\" target=\"_blank\" rel=\"noopener\">https:\/\/immatriculation.ants.gouv.fr\/<\/a><\/p>\n<p>Des sites internet agissent frauduleusement en se faisant passer pour le site officiel du gouvernement et ainsi faire payer les d\u00e9marches pour l\u2019obtention de la carte grise, normalement gratuites. Informez-vous sur le vrai prix de la carte grise et les diff\u00e9rentes fraudes avec le\u00a0<a href=\"https:\/\/www.changement-amortisseur.fr\/blog\/de-quoi-se-compose-le-prix-de-la-carte-grise\/\" target=\"_blank\" rel=\"noopener\">guide pratique<\/a>.<\/p>\n<p>Pour toute \u00e9tape concernant la perte du certificat d\u2019immatriculation, veuillez vous diriger vers le<a href=\"https:\/\/www.courroie-distribution.fr\/blog\/search\/?q=carte+grise\" target=\"_blank\" rel=\"noopener\">\u00a0guide explicatif.<\/a><\/p>\n<p>Si vous \u00e9prouvez des difficult\u00e9s \u00e0 effectuer votre demande sur le site officiel, vous pouvez vous tourner vers un garagiste agr\u00e9\u00e9 par la pr\u00e9fecture qui vous aidera pour vos d\u00e9marches (Carte grise,\u00a0<a href=\"https:\/\/www.kit-embrayage.fr\/\" target=\"_blank\" rel=\"noopener\">d\u00e9marches automobile<\/a>\u00a0\u2026 )[\/vc_column_text][\/vc_column_inner][\/vc_row_inner][\/vc_column][\/vc_row]<\/p>\n","protected":false},"excerpt":{"rendered":"<p>[vc_row row_type=\u00a0\u00bbrow\u00a0\u00bb use_row_as_full_screen_section=\u00a0\u00bbno\u00a0\u00bb type=\u00a0\u00bbgrid\u00a0\u00bb text_align=\u00a0\u00bbleft\u00a0\u00bb background_color=\u00a0\u00bb#ffffff\u00a0\u00bb background_animation=\u00a0\u00bbnone\u00a0\u00bb css_animation=\u00a0\u00bb\u00a0\u00bb el_id=\u00a0\u00bbse_loger_batir\u00a0\u00bb][vc_column][vc_empty_space height=\u00a0\u00bb60px\u00a0\u00bb][vc_column_text]&#8230;<\/p>\n","protected":false},"author":1,"featured_media":0,"parent":0,"menu_order":0,"comment_status":"open","ping_status":"open","template":"full_width.php","meta":{"footnotes":""},"class_list":["post-24128","page","type-page","status-publish","hentry"],"yoast_head":"<!-- This site is optimized with the Yoast SEO plugin v18.4.1 - https:\/\/yoast.com\/wordpress\/plugins\/seo\/ -->\n<title>Vie pratique - Mairie Bessay sur Allier<\/title>\n<meta name=\"robots\" content=\"index, follow, max-snippet:-1, max-image-preview:large, max-video-preview:-1\" \/>\n<link rel=\"canonical\" href=\"https:\/\/mairie-bessay-sur-allier.fr\/index.php\/vie-pratique\/\" \/>\n<meta property=\"og:locale\" content=\"fr_FR\" \/>\n<meta property=\"og:type\" content=\"article\" \/>\n<meta property=\"og:title\" content=\"Vie pratique - Mairie Bessay sur Allier\" \/>\n<meta property=\"og:description\" content=\"[vc_row row_type=\u00a0\u00bbrow\u00a0\u00bb use_row_as_full_screen_section=\u00a0\u00bbno\u00a0\u00bb type=\u00a0\u00bbgrid\u00a0\u00bb text_align=\u00a0\u00bbleft\u00a0\u00bb background_color=\u00a0\u00bb#ffffff\u00a0\u00bb background_animation=\u00a0\u00bbnone\u00a0\u00bb css_animation=\u00a0\u00bb\u00a0\u00bb el_id=\u00a0\u00bbse_loger_batir\u00a0\u00bb][vc_column][vc_empty_space height=\u00a0\u00bb60px\u00a0\u00bb][vc_column_text]...\" \/>\n<meta property=\"og:url\" content=\"https:\/\/mairie-bessay-sur-allier.fr\/index.php\/vie-pratique\/\" \/>\n<meta property=\"og:site_name\" content=\"Mairie Bessay sur Allier\" \/>\n<meta property=\"article:modified_time\" content=\"2026-04-02T12:28:12+00:00\" \/>\n<meta property=\"og:image\" content=\"http:\/\/mairie-bessay-sur-allier.fr\/wp-content\/uploads\/2020\/02\/12_fevrier_villages_fleuris-e1775129003518.jpg\" \/>\n<meta name=\"twitter:card\" content=\"summary_large_image\" \/>\n<meta name=\"twitter:label1\" content=\"Dur\u00e9e de lecture estim\u00e9e\" \/>\n\t<meta name=\"twitter:data1\" content=\"8 minutes\" \/>\n<script type=\"application\/ld+json\" class=\"yoast-schema-graph\">{\"@context\":\"https:\/\/schema.org\",\"@graph\":[{\"@type\":\"WebSite\",\"@id\":\"https:\/\/mairie-bessay-sur-allier.fr\/#website\",\"url\":\"https:\/\/mairie-bessay-sur-allier.fr\/\",\"name\":\"Mairie Bessay sur Allier\",\"description\":\"Une Commune ou il fait bon Vivre\",\"potentialAction\":[{\"@type\":\"SearchAction\",\"target\":{\"@type\":\"EntryPoint\",\"urlTemplate\":\"https:\/\/mairie-bessay-sur-allier.fr\/?s={search_term_string}\"},\"query-input\":\"required name=search_term_string\"}],\"inLanguage\":\"fr-FR\"},{\"@type\":\"ImageObject\",\"@id\":\"https:\/\/mairie-bessay-sur-allier.fr\/index.php\/vie-pratique\/#primaryimage\",\"inLanguage\":\"fr-FR\",\"url\":\"https:\/\/mairie-bessay-sur-allier.fr\/wp-content\/uploads\/2020\/02\/12_fevrier_villages_fleuris-e1775129003518.jpg\",\"contentUrl\":\"https:\/\/mairie-bessay-sur-allier.fr\/wp-content\/uploads\/2020\/02\/12_fevrier_villages_fleuris-e1775129003518.jpg\",\"width\":1250,\"height\":666},{\"@type\":\"WebPage\",\"@id\":\"https:\/\/mairie-bessay-sur-allier.fr\/index.php\/vie-pratique\/#webpage\",\"url\":\"https:\/\/mairie-bessay-sur-allier.fr\/index.php\/vie-pratique\/\",\"name\":\"Vie pratique - Mairie Bessay sur Allier\",\"isPartOf\":{\"@id\":\"https:\/\/mairie-bessay-sur-allier.fr\/#website\"},\"primaryImageOfPage\":{\"@id\":\"https:\/\/mairie-bessay-sur-allier.fr\/index.php\/vie-pratique\/#primaryimage\"},\"datePublished\":\"2020-10-11T23:00:58+00:00\",\"dateModified\":\"2026-04-02T12:28:12+00:00\",\"breadcrumb\":{\"@id\":\"https:\/\/mairie-bessay-sur-allier.fr\/index.php\/vie-pratique\/#breadcrumb\"},\"inLanguage\":\"fr-FR\",\"potentialAction\":[{\"@type\":\"ReadAction\",\"target\":[\"https:\/\/mairie-bessay-sur-allier.fr\/index.php\/vie-pratique\/\"]}]},{\"@type\":\"BreadcrumbList\",\"@id\":\"https:\/\/mairie-bessay-sur-allier.fr\/index.php\/vie-pratique\/#breadcrumb\",\"itemListElement\":[{\"@type\":\"ListItem\",\"position\":1,\"name\":\"Accueil\",\"item\":\"https:\/\/mairie-bessay-sur-allier.fr\/\"},{\"@type\":\"ListItem\",\"position\":2,\"name\":\"Vie pratique\"}]}]}<\/script>\n<!-- \/ Yoast SEO plugin. -->","yoast_head_json":{"title":"Vie pratique - Mairie Bessay sur Allier","robots":{"index":"index","follow":"follow","max-snippet":"max-snippet:-1","max-image-preview":"max-image-preview:large","max-video-preview":"max-video-preview:-1"},"canonical":"https:\/\/mairie-bessay-sur-allier.fr\/index.php\/vie-pratique\/","og_locale":"fr_FR","og_type":"article","og_title":"Vie pratique - Mairie Bessay sur Allier","og_description":"[vc_row row_type=\u00a0\u00bbrow\u00a0\u00bb use_row_as_full_screen_section=\u00a0\u00bbno\u00a0\u00bb type=\u00a0\u00bbgrid\u00a0\u00bb text_align=\u00a0\u00bbleft\u00a0\u00bb background_color=\u00a0\u00bb#ffffff\u00a0\u00bb background_animation=\u00a0\u00bbnone\u00a0\u00bb css_animation=\u00a0\u00bb\u00a0\u00bb el_id=\u00a0\u00bbse_loger_batir\u00a0\u00bb][vc_column][vc_empty_space height=\u00a0\u00bb60px\u00a0\u00bb][vc_column_text]...","og_url":"https:\/\/mairie-bessay-sur-allier.fr\/index.php\/vie-pratique\/","og_site_name":"Mairie Bessay sur Allier","article_modified_time":"2026-04-02T12:28:12+00:00","og_image":[{"url":"http:\/\/mairie-bessay-sur-allier.fr\/wp-content\/uploads\/2020\/02\/12_fevrier_villages_fleuris-e1775129003518.jpg"}],"twitter_card":"summary_large_image","twitter_misc":{"Dur\u00e9e de lecture estim\u00e9e":"8 minutes"},"schema":{"@context":"https:\/\/schema.org","@graph":[{"@type":"WebSite","@id":"https:\/\/mairie-bessay-sur-allier.fr\/#website","url":"https:\/\/mairie-bessay-sur-allier.fr\/","name":"Mairie Bessay sur Allier","description":"Une Commune ou il fait bon Vivre","potentialAction":[{"@type":"SearchAction","target":{"@type":"EntryPoint","urlTemplate":"https:\/\/mairie-bessay-sur-allier.fr\/?s={search_term_string}"},"query-input":"required name=search_term_string"}],"inLanguage":"fr-FR"},{"@type":"ImageObject","@id":"https:\/\/mairie-bessay-sur-allier.fr\/index.php\/vie-pratique\/#primaryimage","inLanguage":"fr-FR","url":"https:\/\/mairie-bessay-sur-allier.fr\/wp-content\/uploads\/2020\/02\/12_fevrier_villages_fleuris-e1775129003518.jpg","contentUrl":"https:\/\/mairie-bessay-sur-allier.fr\/wp-content\/uploads\/2020\/02\/12_fevrier_villages_fleuris-e1775129003518.jpg","width":1250,"height":666},{"@type":"WebPage","@id":"https:\/\/mairie-bessay-sur-allier.fr\/index.php\/vie-pratique\/#webpage","url":"https:\/\/mairie-bessay-sur-allier.fr\/index.php\/vie-pratique\/","name":"Vie pratique - Mairie Bessay sur Allier","isPartOf":{"@id":"https:\/\/mairie-bessay-sur-allier.fr\/#website"},"primaryImageOfPage":{"@id":"https:\/\/mairie-bessay-sur-allier.fr\/index.php\/vie-pratique\/#primaryimage"},"datePublished":"2020-10-11T23:00:58+00:00","dateModified":"2026-04-02T12:28:12+00:00","breadcrumb":{"@id":"https:\/\/mairie-bessay-sur-allier.fr\/index.php\/vie-pratique\/#breadcrumb"},"inLanguage":"fr-FR","potentialAction":[{"@type":"ReadAction","target":["https:\/\/mairie-bessay-sur-allier.fr\/index.php\/vie-pratique\/"]}]},{"@type":"BreadcrumbList","@id":"https:\/\/mairie-bessay-sur-allier.fr\/index.php\/vie-pratique\/#breadcrumb","itemListElement":[{"@type":"ListItem","position":1,"name":"Accueil","item":"https:\/\/mairie-bessay-sur-allier.fr\/"},{"@type":"ListItem","position":2,"name":"Vie pratique"}]}]}},"_links":{"self":[{"href":"https:\/\/mairie-bessay-sur-allier.fr\/index.php\/wp-json\/wp\/v2\/pages\/24128"}],"collection":[{"href":"https:\/\/mairie-bessay-sur-allier.fr\/index.php\/wp-json\/wp\/v2\/pages"}],"about":[{"href":"https:\/\/mairie-bessay-sur-allier.fr\/index.php\/wp-json\/wp\/v2\/types\/page"}],"author":[{"embeddable":true,"href":"https:\/\/mairie-bessay-sur-allier.fr\/index.php\/wp-json\/wp\/v2\/users\/1"}],"replies":[{"embeddable":true,"href":"https:\/\/mairie-bessay-sur-allier.fr\/index.php\/wp-json\/wp\/v2\/comments?post=24128"}],"version-history":[{"count":50,"href":"https:\/\/mairie-bessay-sur-allier.fr\/index.php\/wp-json\/wp\/v2\/pages\/24128\/revisions"}],"predecessor-version":[{"id":32037,"href":"https:\/\/mairie-bessay-sur-allier.fr\/index.php\/wp-json\/wp\/v2\/pages\/24128\/revisions\/32037"}],"wp:attachment":[{"href":"https:\/\/mairie-bessay-sur-allier.fr\/index.php\/wp-json\/wp\/v2\/media?parent=24128"}],"curies":[{"name":"wp","href":"https:\/\/api.w.org\/{rel}","templated":true}]}}